{"id":16896,"date":"2024-12-09T18:08:19","date_gmt":"2024-12-09T17:08:19","guid":{"rendered":"https:\/\/www.plus-que-pro-distribution.fr\/?post_type=pqp-testimonial&#038;p=16896"},"modified":"2025-09-02T14:19:36","modified_gmt":"2025-09-02T12:19:36","slug":"sebastien-brugnot","status":"publish","type":"pqp-testimonial","link":"https:\/\/www.plus-que-pro-distribution.fr\/temoignages-distributeurs\/sebastien-brugnot\/","title":{"rendered":"S\u00e9bastien"},"content":{"rendered":"<div class=\"wp-block-group alignfull has-deep-10-background-color has-background py-l lg:py-3xl has-global-padding px-global-padding [&amp;_.alignfull]:-mx-global-padding [&amp;_.alignfull]:w-auto bg-deep-10 text-deep-800 has-background-color\" ><h1 class=\"wp-elements-4ba7e38680ec520fc6ad81028b47efbb wp-block-heading text-balance [&amp;_+_*]:mt-m [&amp;_+_*]:md:mt-l [*_+_&amp;]:mt-m [*_+_&amp;]:md:mt-l [&amp;.text-caption_+_*]:!mt-xs [&amp;.text-caption_+_*]:md:!mt-xs [&amp;_a]:underline [&amp;_a]:underline-offset-2 [&amp;_a]:text-secondary-500 text-h1 aligndefault max-w-default mx-auto text-primary-500 has-link-color text-center has-text-color\" >S\u00e9bastien, distributeur du d\u00e9partement du Jura (39)<\/h1><\/div>\n\n<div class=\"wp-block-group wp-embed-aspect-16-9 wp-has-aspect-ratio has-white-background-color has-background rounded-tr-media rounded-tl-media rounded-bl-media rounded-br-media has-global-padding px-global-padding [&amp;_.alignfull]:-mx-global-padding [&amp;_.alignfull]:w-auto bg-white has-background-color pt-3xl pb-5xl\" ><div class=\"wp-block-columns grid w-full grid-cols-1 md:grid-cols-2 gap-l md:gap-2xl lg:gap-4xl alignwide max-w-wide mx-auto [&amp;_+_&amp;]:mt-l [*_+_&amp;]:mt-l [*_+_&amp;]:md:mt-xl [*_+_&amp;]:lg:mt-2xl [&amp;_+_*]:mt-l [&amp;_+_*]:md:mt-xl [&amp;_+_*]:lg:mt-2xl [.alignwide_&gt;_&amp;_+_*]:mt-m [.alignwide_&gt;_&amp;_+_*]:md:mt-l [.alignwide_&gt;_&amp;_+_*]:lg:mt-xl [.aligndefault_&gt;_&amp;_+_*]:mt-s [.aligndefault_&gt;_&amp;_+_*]:md:mt-m [.aligndefault_&gt;_&amp;_+_*]:lg:mt-l items-center pb-l\" ><div class=\"basis-0 flex-grow min-w-0 w-full overflow-wrap-break-word word-break-break-word wp-block-column is-vertically-aligned-center items-center\" ><h2 class=\"wp-block-heading text-balance [&amp;_+_*]:mt-m [&amp;_+_*]:md:mt-l [*_+_&amp;]:mt-m [*_+_&amp;]:md:mt-l [&amp;.text-caption_+_*]:!mt-xs [&amp;.text-caption_+_*]:md:!mt-xs [&amp;_a]:underline [&amp;_a]:underline-offset-2 [&amp;_a]:text-secondary-500 text-h2 \">Son profil ?<\/h2>\n\n<p class=\"[&amp;_a]:underline [&amp;_a]:underline-offset-2 [&amp;_a]:text-secondary-500 [&amp;_a:focus-visible]:outline-none [&amp;_a:focus]:outline-none [&amp;_a:focus-visible]:ring-2 [&amp;_a:focus-visible]:ring-offset-2 [&amp;_a:focus-visible]:ring-secondary-500 [&amp;_a:focus-visible]:rounded-full [&amp;_+_*]:mt-xs [*_+_&amp;]:mt-xs [&amp;_+_.wp-block-group]:mt-m [&amp;_+_.wp-block-group]:md:mt-l [&amp;.text-caption_+_*]:!mt-xs [&amp;.text-caption_+_*]:md:!mt-xs \">Apr\u00e8s avoir g\u00e9r\u00e9 deux campings pendant onze ans, des chambres d\u2019h\u00f4tes et un restaurant, S\u00e9bastien, travailleur acharn\u00e9 de 46 ans, est tomb\u00e9 amoureux de la solution Plus que pro. Il avait entendu parler du r\u00e9seau pour la premi\u00e8re fois en 2017 et s\u2019\u00e9tait dit alors\u00a0: \u00ab\u00a0Le concept est g\u00e9nial. Le jour o\u00f9 je vendrai le camping, j\u2019adorerais travailler dans ce domaine\u00a0!\u00a0\u00bb.<\/p>\n\n<p class=\"[&amp;_a]:underline [&amp;_a]:underline-offset-2 [&amp;_a]:text-secondary-500 [&amp;_a:focus-visible]:outline-none [&amp;_a:focus]:outline-none [&amp;_a:focus-visible]:ring-2 [&amp;_a:focus-visible]:ring-offset-2 [&amp;_a:focus-visible]:ring-secondary-500 [&amp;_a:focus-visible]:rounded-full [&amp;_+_*]:mt-xs [*_+_&amp;]:mt-xs [&amp;_+_.wp-block-group]:mt-m [&amp;_+_.wp-block-group]:md:mt-l [&amp;.text-caption_+_*]:!mt-xs [&amp;.text-caption_+_*]:md:!mt-xs \">C\u2019est donc tout naturellement qu\u2019apr\u00e8s avoir vendu son affaire en 2020, il a saut\u00e9 le pas et rejoint la tribu des distributeurs en f\u00e9vrier 2021, pour vendre la solution dans le Jura.<\/p>\n\n<div class=\"wp-block-buttons flex flex-col md:flex-row items-start gap-7 justify-start [&amp;_+_*]:mt-m [&amp;_+_*]:md:mt-l [p_+_&amp;]:mt-m [p_+_&amp;]:md:mt-l [ul_+_&amp;]:mt-m [ul_+_&amp;]:md:mt-l [.wp-block-columns_+_&amp;]:md:mt-l [.wp-block-group_+_&amp;]:mt-m [.wp-block-group_+_&amp;]:md:mt-l mb-3xl\"><a href=\"#video\" class=\"wp-block-button__link wp-element-button border-2 inline-flex items-center gap-2 py-3 px-6 rounded-full text-light-title font-bold focus-visible:outline-none focus:outline-none focus-visible:ring-2 focus-visible:ring-offset-2 focus-visible:ring-secondary-500 is-style-fill text-white border-secondary-500 bg-secondary-500 hover:border-secondary-600 hover:bg-secondary-600 transition ease-in duration-300 disabled:bg-secondary-200 disabled:border-secondary-200 \">Voir la vid\u00e9o<\/a><\/div><\/div> <div class=\"basis-0 flex-grow min-w-0 w-full overflow-wrap-break-word word-break-break-word wp-block-column is-vertically-aligned-center items-center\" ><figure class=\"block m-0\"><img decoding=\"async\" src=\"https:\/\/www.plus-que-pro-distribution.fr\/uploads\/sebastien-brugnot-profil-1024x713.jpg\" class=\"is-style-border is-style-default border-[3px] inline-block rounded-tr-media rounded-tl-media rounded-bl-media rounded-br-media border-secondary-500 shadow shadow-light\"><\/figure><\/div><\/div> <h3 class=\"wp-block-heading text-balance [&amp;_+_*]:mt-m [&amp;_+_*]:md:mt-l [*_+_&amp;]:mt-m [*_+_&amp;]:md:mt-l [&amp;.text-caption_+_*]:!mt-xs [&amp;.text-caption_+_*]:md:!mt-xs [&amp;_a]:underline [&amp;_a]:underline-offset-2 [&amp;_a]:text-secondary-500 text-h3 aligndefault max-w-default mx-auto text-center\" >Les chiffres cl\u00e9s <mark class=\"has-highlight-color has-text-color has-secondary-500-color\">de S\u00e9bastien<\/mark><\/h3> <div class=\"wp-block-columns grid w-full grid-cols-1 md:grid-cols-2 gap-l md:gap-2xl lg:gap-4xl alignwide max-w-wide mx-auto [&amp;_+_&amp;]:mt-l [*_+_&amp;]:mt-l [*_+_&amp;]:md:mt-xl [*_+_&amp;]:lg:mt-2xl [&amp;_+_*]:mt-l [&amp;_+_*]:md:mt-xl [&amp;_+_*]:lg:mt-2xl [.alignwide_&gt;_&amp;_+_*]:mt-m [.alignwide_&gt;_&amp;_+_*]:md:mt-l [.alignwide_&gt;_&amp;_+_*]:lg:mt-xl [.aligndefault_&gt;_&amp;_+_*]:mt-s [.aligndefault_&gt;_&amp;_+_*]:md:mt-m [.aligndefault_&gt;_&amp;_+_*]:lg:mt-l items-center\" ><div class=\"basis-0 flex-grow min-w-0 w-full overflow-wrap-break-word word-break-break-word wp-block-column is-vertically-aligned-center items-center pr-l\" ><div class=\"wp-block-group is-style-overlap position-right-bottom aligndefault max-w-default mx-auto grid grid-cols-1 grid-rows-1 relative w-fit [&amp;_&gt;_:first-child]:col-start-1 [&amp;_&gt;_:first-child]:col-span-1 [&amp;_&gt;_:first-child]:z-10 [&amp;_figure:nth-child(1)]:w-fit [&amp;_figure:nth-child(1)]:rounded-media [&amp;_figure:nth-child(1)]:overflow-hidden [&amp;_img]:object-cover [&amp;_&gt;_:nth-child(2)]:z-20 [&amp;_&gt;_:nth-child(1)_~_*]:absolute [&amp;_&gt;_:nth-child(1)_~_*]:m-0 [&amp;_&gt;_:nth-child(1)_~_*_&gt;_mark]:m-0 [&amp;_&gt;_:nth-child(1)_+_*]:inline-block [&amp;_&gt;_:nth-child(1)_+_*]:text-balance \n\t\t\t\t[&amp;_&gt;_:nth-child(2)]:bottom-6 [&amp;_&gt;_:nth-child(2)]:lg:bottom-12 [&amp;_&gt;_:nth-child(2)]:right-0\n\t\t\t\t[&amp;_&gt;_:nth-child(3)]:-translate-x-1\/2 [&amp;_&gt;_:nth-child(3)]:top-12 [&amp;_&gt;_:nth-child(3)]:left-0\n\t\t\t\t[&amp;_&gt;_:nth-child(1)_+_figure]:translate-x-1\/2\n\t\t\t\t[&amp;_&gt;_:nth-child(1)_+_*]:translate-x-10 \"><figure class=\"block m-0\"><img decoding=\"async\" src=\"https:\/\/www.plus-que-pro-distribution.fr\/uploads\/chiffres-cles-sebastien-brugnot.jpg\" class=\"inline-block rounded-tr-media rounded-tl-media rounded-bl-media rounded-br-media \"><\/figure> <figure class=\"block m-0\"><img decoding=\"async\" src=\"https:\/\/www.plus-que-pro-distribution.fr\/uploads\/icon-grow.svg\" class=\"inline-block rounded-tr-md rounded-tl-md rounded-bl-md rounded-br-md \"><\/figure><\/div><\/div> <div class=\"basis-0 flex-grow min-w-0 w-full overflow-wrap-break-word word-break-break-word wp-block-column is-vertically-aligned-center items-center gap-xs\" ><div class=\"wp-block-group aligndefault max-w-default mx-auto flex flex-col justify-start items-start gap-xs\"><div class=\"wp-block-group has-white-background-color has-background rounded-lg rounded-tr-sm rounded-tl-sm rounded-bl-sm rounded-br-sm flex flex-row items-center justify-start bg-white has-background-color gap-xs pt-xs pb-xs pl-xs pr-xs shadow shadow-light\"><figure class=\"flex-none block m-0\"><img decoding=\"async\" src=\"https:\/\/www.plus-que-pro-distribution.fr\/uploads\/ellipse.svg\" class=\"inline-block rounded-tr-media rounded-tl-media rounded-bl-media rounded-br-media \"><\/figure> <p class=\"[&amp;_a]:underline [&amp;_a]:underline-offset-2 [&amp;_a]:text-secondary-500 [&amp;_a:focus-visible]:outline-none [&amp;_a:focus]:outline-none [&amp;_a:focus-visible]:ring-2 [&amp;_a:focus-visible]:ring-offset-2 [&amp;_a:focus-visible]:ring-secondary-500 [&amp;_a:focus-visible]:rounded-full text-left \">Les r\u00e9sultats sont concrets en termes de contrats sign\u00e9s<\/p><\/div> <div class=\"wp-block-group has-white-background-color has-background rounded-lg rounded-tr-sm rounded-tl-sm rounded-bl-sm rounded-br-sm flex flex-row items-center justify-start bg-white has-background-color gap-xs pt-xs pb-xs pl-xs pr-xs shadow shadow-light\"><figure class=\"flex-none block m-0\"><img decoding=\"async\" src=\"https:\/\/www.plus-que-pro-distribution.fr\/uploads\/ellipse.svg\" class=\"inline-block rounded-tr-media rounded-tl-media rounded-bl-media rounded-br-media \"><\/figure> <p class=\"[&amp;_a]:underline [&amp;_a]:underline-offset-2 [&amp;_a]:text-secondary-500 [&amp;_a:focus-visible]:outline-none [&amp;_a:focus]:outline-none [&amp;_a:focus-visible]:ring-2 [&amp;_a:focus-visible]:ring-offset-2 [&amp;_a:focus-visible]:ring-secondary-500 [&amp;_a:focus-visible]:rounded-full text-left \">La solution r\u00e9pond \u00e0 un vrai besoin des entreprises de gagner du temps et de v\u00e9hiculer une image professionnelle<\/p><\/div> <div class=\"wp-block-group has-white-background-color has-background rounded-lg rounded-tr-sm rounded-tl-sm rounded-bl-sm rounded-br-sm flex flex-row items-center justify-start bg-white has-background-color gap-xs pt-xs pb-xs pl-xs pr-xs shadow shadow-light\"><figure class=\"block m-0\"><img decoding=\"async\" src=\"https:\/\/www.plus-que-pro-distribution.fr\/uploads\/ellipse.svg\" class=\"inline-block rounded-tr-media rounded-tl-media rounded-bl-media rounded-br-media \"><\/figure> <p class=\"[&amp;_a]:underline [&amp;_a]:underline-offset-2 [&amp;_a]:text-secondary-500 [&amp;_a:focus-visible]:outline-none [&amp;_a:focus]:outline-none [&amp;_a:focus-visible]:ring-2 [&amp;_a:focus-visible]:ring-offset-2 [&amp;_a:focus-visible]:ring-secondary-500 [&amp;_a:focus-visible]:rounded-full text-left \">Le concept de prot\u00e9ger les consommateurs et les belles entreprises est convaincant<\/p><\/div> <div class=\"wp-block-group has-white-background-color has-background rounded-lg rounded-tr-sm rounded-tl-sm rounded-bl-sm rounded-br-sm flex flex-row items-center justify-start bg-white has-background-color gap-xs pt-xs pb-xs pl-xs pr-xs shadow shadow-light\"><figure class=\"flex-none block m-0\"><img decoding=\"async\" src=\"https:\/\/www.plus-que-pro-distribution.fr\/uploads\/ellipse.svg\" class=\"inline-block rounded-tr-media rounded-tl-media rounded-bl-media rounded-br-media \"><\/figure> <p class=\"[&amp;_a]:underline [&amp;_a]:underline-offset-2 [&amp;_a]:text-secondary-500 [&amp;_a:focus-visible]:outline-none [&amp;_a:focus]:outline-none [&amp;_a:focus-visible]:ring-2 [&amp;_a:focus-visible]:ring-offset-2 [&amp;_a:focus-visible]:ring-secondary-500 [&amp;_a:focus-visible]:rounded-full text-left \">Le soutien et l&rsquo;accompagnement de l&rsquo;\u00e9quipe sont pr\u00e9cieux\u00a0: \u00ab\u00a0Tout est fait pour qu\u2019on r\u00e9ussisse\u00a0!\u00a0<\/p><\/div><\/div><\/div><\/div><\/div>\n\n<div class=\"wp-block-group alignfull is-style-default has-global-padding px-global-padding [&amp;_.alignfull]:-mx-global-padding [&amp;_.alignfull]:w-auto \" ><div class=\"wp-block-group is-style-absolute is-style-absolute-with-children relative [&amp;_&gt;_.wp-block-group]:w-full [&amp;_&gt;_.wp-block-group]:absolute [&amp;_&gt;_.wp-block-group]:bottom-0 [&amp;_&gt;_.wp-block-group]:left-1\/2 [&amp;_&gt;_.wp-block-group]:-translate-x-1\/2 [&amp;_&gt;_.wp-block-group]:translate-y-1\/2 has-global-padding px-global-padding [&amp;_.alignfull]:-mx-global-padding [&amp;_.alignfull]:w-auto \" ><div class=\"wp-block-group is-style-default has-white-color has-primary-950-background-color has-text-color has-background has-link-color wp-elements-d994636a398891cc463a0dbc9dfed0ee aligndefault max-w-default mx-auto rounded-tr-lg rounded-tl-lg rounded-bl-lg rounded-br-lg text-white bg-primary-950 has-background-color pt-s pb-s pl-xs pr-xs\" ><p class=\"[&amp;_a]:underline [&amp;_a]:underline-offset-2 [&amp;_a]:text-secondary-500 [&amp;_a:focus-visible]:outline-none [&amp;_a:focus]:outline-none [&amp;_a:focus-visible]:ring-2 [&amp;_a:focus-visible]:ring-offset-2 [&amp;_a:focus-visible]:ring-secondary-500 [&amp;_a:focus-visible]:rounded-full [&amp;_+_*]:mt-xs [*_+_&amp;]:mt-xs [&amp;_+_.wp-block-group]:mt-m [&amp;_+_.wp-block-group]:md:mt-l [&amp;.text-caption_+_*]:!mt-xs [&amp;.text-caption_+_*]:md:!mt-xs text-center text-subtitle\" ><mark class=\"has-highlight-color has-text-color has-secondary-500-color\"><mark style=\"background-color:rgba(0, 0, 0, 0)\" class=\"has-inline-color has-secondary-500-color\">Le conseil de <\/mark>S\u00e9bastien<\/mark> au futur distributeur<\/p> <p class=\"[&amp;_a]:underline [&amp;_a]:underline-offset-2 [&amp;_a]:text-secondary-500 [&amp;_a:focus-visible]:outline-none [&amp;_a:focus]:outline-none [&amp;_a:focus-visible]:ring-2 [&amp;_a:focus-visible]:ring-offset-2 [&amp;_a:focus-visible]:ring-secondary-500 [&amp;_a:focus-visible]:rounded-full [&amp;_+_*]:mt-xs [*_+_&amp;]:mt-xs [&amp;_+_.wp-block-group]:mt-m [&amp;_+_.wp-block-group]:md:mt-l [&amp;.text-caption_+_*]:!mt-xs [&amp;.text-caption_+_*]:md:!mt-xs  text-center\"><strong>\u00ab\u00a0Respecter les consignes, se faire violence si n\u00e9cessaire, mais surtout \u00e9couter et comprendre les probl\u00e9matiques de son interlocuteur.\u00a0\u00bb<\/strong><\/p><\/div><\/div><\/div>\n\n<div id=\"video\" class=\"wp-block-group alignfull wp-embed-aspect-16-9 wp-has-aspect-ratio has-deep-10-background-color has-background has-global-padding px-global-padding [&amp;_.alignfull]:-mx-global-padding [&amp;_.alignfull]:w-auto bg-deep-10 text-deep-800 has-background-color pt-5xl pb-3xl\" ><div class=\"wp-block-columns grid w-full grid-cols-1 md:grid-cols-2 gap-l md:gap-2xl lg:gap-4xl alignwide max-w-wide mx-auto [&amp;_+_&amp;]:mt-l [*_+_&amp;]:mt-l [*_+_&amp;]:md:mt-xl [*_+_&amp;]:lg:mt-2xl [&amp;_+_*]:mt-l [&amp;_+_*]:md:mt-xl [&amp;_+_*]:lg:mt-2xl [.alignwide_&gt;_&amp;_+_*]:mt-m [.alignwide_&gt;_&amp;_+_*]:md:mt-l [.alignwide_&gt;_&amp;_+_*]:lg:mt-xl [.aligndefault_&gt;_&amp;_+_*]:mt-s [.aligndefault_&gt;_&amp;_+_*]:md:mt-m [.aligndefault_&gt;_&amp;_+_*]:lg:mt-l items-center mb-2xl\" ><div class=\"basis-0 flex-grow min-w-0 w-full overflow-wrap-break-word word-break-break-word wp-block-column is-vertically-aligned-center items-center\" ><button x-on:click='currentModalTarget=\"brugnot\"' class=\"!rounded-media focus-visible:outline-none focus:outline-none focus-visible:ring-2 focus-visible:ring-offset-2 focus-visible:ring-secondary-500 rounded-full\"><figure class=\"relative block m-0\"><svg class=\"z-10 absolute top-1\/2 left-1\/2 -translate-x-1\/2 -translate-y-1\/2\" width=\"50\" height=\"35\" fill=\"none\" xmlns=\"http:\/\/www.w3.org\/2000\/svg\"><path d=\"M20 25V10l13 7.5L20 25Z\" fill=\"#27334B\" stroke=\"#27334B\"><\/path><path fill-rule=\"evenodd\" clip-rule=\"evenodd\" d=\"M44.356 1.09a6.225 6.225 0 0 1 4.38 4.409C49.773 9.387 49.773 17.5 49.773 17.5s0 8.113-1.035 12.001a6.226 6.226 0 0 1-4.38 4.408C40.493 34.951 25 34.951 25 34.951s-15.494 0-19.357-1.042a6.224 6.224 0 0 1-4.38-4.408C.226 25.613.226 17.5.226 17.5s0-8.113 1.036-12.001a6.224 6.224 0 0 1 4.38-4.408C9.506.049 25 .049 25 .049s15.493 0 19.356 1.042Zm-24.509 23.9V10.01l13.168 7.49-13.168 7.49Z\" fill=\"#fff\"><\/path><\/svg> <img decoding=\"async\" src=\"https:\/\/www.plus-que-pro-distribution.fr\/uploads\/Sebastien-Brugnot-1-1024x576.png\" class=\"is-style-youtube-player inline-block rounded-tr-media rounded-tl-media rounded-bl-media rounded-br-media \"><\/figure><\/button>\n\n<template x-teleport=\"body\" x-if=\"!currentModalTarget\"><div role=\"dialog\" x-show='currentModalTarget == \"brugnot\"' aria-modal=\"true\" data-modal=\"brugnot\" x-effect=\"\n\t\t\tif (!currentModalTarget) {\n\t\t\t\tvar iframes = document.querySelectorAll(&quot;lite-youtube iframe&quot;);\n\n\t\t\t\tif (iframes.length === 0) {\n\t\t\t\t\treturn;\n\t\t\t\t}\n\n\t\t\t\tiframes.forEach((iframe) =&gt; {\t\t\t\n\t\t\t\t\t\/\/ See : https:\/\/github.com\/paulirish\/lite-youtube-embed\/issues\/144\n\t\t\t\t\tiframe.contentWindow.postMessage('{&quot;event&quot;:&quot;command&quot;,&quot;func&quot;:&quot;pauseVideo&quot;,&quot;args&quot;:&quot;&quot;}', &quot;*&quot;)\n\t\t\t\t});\n\t\t\t}\n\t\t\" class=\"group relative z-[100] aria-hidden:hidden\"><div class=\"fixed inset-0 bg-black opacity-75 transition-opacity group-aria-hidden:opacity-0\"><\/div> <div x-on:click.outside=\"currentModalTarget = null\" class=\"fixed inset-0 z-[100] w-screen overflow-y-auto has-global-padding px-global-padding [&amp;_.alignfull]:-mx-global-padding [&amp;_.alignfull]:w-auto\"><div data-modal-backdrop=\"brugnot\" class=\"flex min-h-full items-center justify-center p-4 text-center sm:p-0\"><div x-on:click.outside=\"currentModalTarget = null\" class=\"relative transform transition-all w-full max-w-default\"><figure class=\"wp-block-embed relative aligndefault max-w-default mx-auto [&amp;_lite-youtube]:w-full [&amp;_lite-youtube]:h-full [&amp;_lite-youtube]:rounded-media [&amp;_lite-youtube]:aspect-video [&amp;_lite-youtube]:mx-auto [&amp;_lite-youtube]:max-w-default [&amp;.alignfull_&gt;_lite-youtube]:rounded-none [&amp;.alignfull_&gt;_figcaption]:pl-global-padding \">\n<lite-youtube js-api params=\"enablejsapi=1&amp;autoplay=0\" videoid=\"T8wXoHmgOH8\" title=\"S\u00e9bastien BRUGNOT, distributeur dans le Jura (2021)\" width=\"500\" height=\"281\" data-src=\"https:\/\/www.youtube.com\/embed\/T8wXoHmgOH8?feature=oembed\" frameborder=\"0\" allow=\"accelerometer; autoplay; clipboard-write; encrypted-media; gyroscope; picture-in-picture; web-share\" referrerpolicy=\"strict-origin-when-cross-origin\" allowfullscreen><\/lite-youtube>\n<div x-on:click.stop=\"\" class=\"youtube-consent-overlay flex relative items-center text-center rounded-sm p-global-padding bg-primary-950 gap-s flex-col\"><div class=\"text-white has-text-color\">La lecture des vid\u00e9os Youtube est conditionn\u00e9e au d\u00e9p\u00f4t de cookies sur votre terminal pour permettre la diffusion des vid\u00e9os, mais \u00e9galement pour des finalit\u00e9s publicitaires. En cliquant sur \u00ab\u00a0Autoriser\u00a0\u00bb, vous consentez au d\u00e9p\u00f4t de cookies pour l&rsquo;ensemble des finalit\u00e9s.<\/div><a target=\"_blank\" href=\"https:\/\/policies.google.com\/privacy?hl=fr&amp;gl=fr\" class=\"text-white underline focus-visible:outline-none focus:outline-none focus-visible:ring-2 focus-visible:ring-offset-2 focus-visible:ring-secondary-500 rounded-full\">Consulter la politique de confidentialit\u00e9 de Youtube<\/a><div class=\"justify-center wp-block-buttons flex flex-col md:flex-row items-start gap-7\"><button x-data='{\n            init() {\n                window.didomiOnReady = window.didomiOnReady || [];\n                window.didomiOnReady.push((Didomi) =&gt; {\n                    Didomi.getObservableOnUserConsentStatusForVendor(\"c:youtube-axWT9ZeX\").subscribe(\n                        (consentStatus) =&gt; {\n                            if (consentStatus === true) {\n                                this.showAllVideos();\n                            }\n                        }\n                    );\n                });\n            },\n            showAllVideos() {\n\t\t\t\tconst liteYoutubes = document.querySelectorAll(\"lite-youtube\");\n\t\t\t\tif (liteYoutubes.length === 0) {\n\t\t\t\t\treturn;\n\t\t\t\t}\n\n\t\t\t\tliteYoutubes.forEach((liteYoutube) =&gt; {\n\t\t\t\t\tconst src = liteYoutube.getAttribute(\"data-src\");\n\t\t\t\t\tliteYoutube.setAttribute(\"src\", src);\n\t\t\t\t});\n\n\t\t\t\tconst overlays = document.querySelectorAll(\".youtube-consent-overlay\");\n\t\t\t\tif (overlays.length === 0) {\n\t\t\t\t\treturn;\n\t\t\t\t}\n\n\t\t\t\toverlays.forEach((overlay) =&gt; {\n\t\t\t\t\toverlay.style.display = \"none\";\n\t\t\t\t});\n            },\n            handleYoutubeConsent() {\n                if (typeof Didomi === \"undefined\") {\n                    return;\n                }\n\n                const youtubeVendor = Didomi.getVendorById(\"c:youtube-axWT9ZeX\");\n                if (!youtubeVendor) {\n                    return;\n                }\n                const transaction = Didomi.openCurrentUserStatusTransaction();\n                transaction.enableVendor(youtubeVendor.didomiId);\n                transaction.enablePurposes(youtubeVendor.purposeIds);\n                transaction.commit();\n            }\n        }' x-on:click=\"handleYoutubeConsent()\" x-on:init=\"init()\" class=\"flex-none border-2 inline-flex items-center gap-2 py-3 px-6 rounded-full is-style-fill text-white border-secondary-500 bg-secondary-500 hover:border-secondary-600 hover:bg-secondary-600 transition ease-in duration-300 disabled:bg-secondary-200 disabled:border-secondary-200\">Autoriser<\/button><\/div><\/div> <figcaption class=\"text-caption text-deep-300 has-text-color \"><\/figcaption><\/figure> <div aria-label=\"Close\" x-on:click=\"currentModalTarget = null\" class=\"absolute -top-14 right-0 xl:-right-14 z-10 w-11 h-11 rounded-full flex items-center justify-center !bg-transparent cursor-pointer [&amp;_&gt;_button]:p-0 wp-block-buttons flex-col md:flex-row items-start gap-7 pointer-events-auto border-secondary-500 border-2 text-secondary-500 bg-white bg-opacity-30 scale-100 hover:scale-110 transition-all duration-300 ease-in-out not-disabled:border-secondary-500 disabled:border-secondary-200 disabled:cursor-not-allowed disabled:hover:scale-100 disabled:text-secondary-200\"><svg xmlns=\"http:\/\/www.w3.org\/2000\/svg\" width=\"24\" height=\"24\" viewbox=\"0 0 24 24\" fill=\"none\" stroke=\"currentColor\" stroke-width=\"2\" stroke-linecap=\"round\" stroke-linejoin=\"round\" class=\"icon icon-tabler icons-tabler-outline icon-tabler-x\"><path stroke=\"none\" d=\"M0 0h24v24H0z\" fill=\"none\"><\/path><path d=\"M18 6l-12 12\"><\/path><path d=\"M6 6l12 12\"><\/path><\/svg><\/div><\/div><\/div><\/div> <figure class=\"wp-block-embed relative aligndefault max-w-default mx-auto [&amp;_lite-youtube]:w-full [&amp;_lite-youtube]:h-full [&amp;_lite-youtube]:rounded-media [&amp;_lite-youtube]:aspect-video [&amp;_lite-youtube]:mx-auto [&amp;_lite-youtube]:max-w-default [&amp;.alignfull_&gt;_lite-youtube]:rounded-none [&amp;.alignfull_&gt;_figcaption]:pl-global-padding \">\n<lite-youtube js-api params=\"enablejsapi=1&amp;autoplay=0\" videoid=\"T8wXoHmgOH8\" title=\"S\u00e9bastien BRUGNOT, distributeur dans le Jura (2021)\" width=\"500\" height=\"281\" data-src=\"https:\/\/www.youtube.com\/embed\/T8wXoHmgOH8?feature=oembed\" frameborder=\"0\" allow=\"accelerometer; autoplay; clipboard-write; encrypted-media; gyroscope; picture-in-picture; web-share\" referrerpolicy=\"strict-origin-when-cross-origin\" allowfullscreen><\/lite-youtube>\n<div x-on:click.stop=\"\" class=\"youtube-consent-overlay flex relative items-center text-center rounded-sm p-global-padding bg-primary-950 gap-s flex-col\"><div class=\"text-white has-text-color\">La lecture des vid\u00e9os Youtube est conditionn\u00e9e au d\u00e9p\u00f4t de cookies sur votre terminal pour permettre la diffusion des vid\u00e9os, mais \u00e9galement pour des finalit\u00e9s publicitaires. En cliquant sur \u00ab\u00a0Autoriser\u00a0\u00bb, vous consentez au d\u00e9p\u00f4t de cookies pour l&rsquo;ensemble des finalit\u00e9s.<\/div><a target=\"_blank\" href=\"https:\/\/policies.google.com\/privacy?hl=fr&amp;gl=fr\" class=\"text-white underline focus-visible:outline-none focus:outline-none focus-visible:ring-2 focus-visible:ring-offset-2 focus-visible:ring-secondary-500 rounded-full\">Consulter la politique de confidentialit\u00e9 de Youtube<\/a><div class=\"justify-center wp-block-buttons flex flex-col md:flex-row items-start gap-7\"><button x-data='{\n            init() {\n                window.didomiOnReady = window.didomiOnReady || [];\n                window.didomiOnReady.push((Didomi) =&gt; {\n                    Didomi.getObservableOnUserConsentStatusForVendor(\"c:youtube-axWT9ZeX\").subscribe(\n                        (consentStatus) =&gt; {\n                            if (consentStatus === true) {\n                                this.showAllVideos();\n                            }\n                        }\n                    );\n                });\n            },\n            showAllVideos() {\n\t\t\t\tconst liteYoutubes = document.querySelectorAll(\"lite-youtube\");\n\t\t\t\tif (liteYoutubes.length === 0) {\n\t\t\t\t\treturn;\n\t\t\t\t}\n\n\t\t\t\tliteYoutubes.forEach((liteYoutube) =&gt; {\n\t\t\t\t\tconst src = liteYoutube.getAttribute(\"data-src\");\n\t\t\t\t\tliteYoutube.setAttribute(\"src\", src);\n\t\t\t\t});\n\n\t\t\t\tconst overlays = document.querySelectorAll(\".youtube-consent-overlay\");\n\t\t\t\tif (overlays.length === 0) {\n\t\t\t\t\treturn;\n\t\t\t\t}\n\n\t\t\t\toverlays.forEach((overlay) =&gt; {\n\t\t\t\t\toverlay.style.display = \"none\";\n\t\t\t\t});\n            },\n            handleYoutubeConsent() {\n                if (typeof Didomi === \"undefined\") {\n                    return;\n                }\n\n                const youtubeVendor = Didomi.getVendorById(\"c:youtube-axWT9ZeX\");\n                if (!youtubeVendor) {\n                    return;\n                }\n                const transaction = Didomi.openCurrentUserStatusTransaction();\n                transaction.enableVendor(youtubeVendor.didomiId);\n                transaction.enablePurposes(youtubeVendor.purposeIds);\n                transaction.commit();\n            }\n        }' x-on:click=\"handleYoutubeConsent()\" x-on:init=\"init()\" class=\"flex-none border-2 inline-flex items-center gap-2 py-3 px-6 rounded-full is-style-fill text-white border-secondary-500 bg-secondary-500 hover:border-secondary-600 hover:bg-secondary-600 transition ease-in duration-300 disabled:bg-secondary-200 disabled:border-secondary-200\">Autoriser<\/button><\/div><\/div> <figcaption class=\"text-caption text-deep-300 has-text-color \"><\/figcaption><\/figure><\/div><\/template><\/div> <div class=\"basis-0 flex-grow min-w-0 w-full overflow-wrap-break-word word-break-break-word wp-block-column is-vertically-aligned-center items-center\" ><h4 class=\"wp-block-heading text-balance [&amp;_+_*]:mt-m [&amp;_+_*]:md:mt-l [*_+_&amp;]:mt-m [*_+_&amp;]:md:mt-l [&amp;.text-caption_+_*]:!mt-xs [&amp;.text-caption_+_*]:md:!mt-xs [&amp;_a]:underline [&amp;_a]:underline-offset-2 [&amp;_a]:text-secondary-500 text-h4 \">S\u00e9bastien, <mark class=\"has-highlight-color has-text-color has-secondary-500-color\">Distributeur Plus que pro dans le Jura<\/mark> (2021)<\/h4>\n\n<p class=\"[&amp;_a]:underline [&amp;_a]:underline-offset-2 [&amp;_a]:text-secondary-500 [&amp;_a:focus-visible]:outline-none [&amp;_a:focus]:outline-none [&amp;_a:focus-visible]:ring-2 [&amp;_a:focus-visible]:ring-offset-2 [&amp;_a:focus-visible]:ring-secondary-500 [&amp;_a:focus-visible]:rounded-full [&amp;_+_*]:mt-xs [*_+_&amp;]:mt-xs [&amp;_+_.wp-block-group]:mt-m [&amp;_+_.wp-block-group]:md:mt-l [&amp;.text-caption_+_*]:!mt-xs [&amp;.text-caption_+_*]:md:!mt-xs \">D\u00e9couvrez le t\u00e9moignage inspirant d&rsquo;un partenaire Plus que pro qui nous partage son immersion avec enthousiasme. Entre \u00e9changes avec d&rsquo;autres distributeurs et outils performants, il souligne l&rsquo;accompagnement unique et l&rsquo;impact positif de la solution sur les entreprises.<\/p><\/div><\/div><\/div>","protected":false},"excerpt":{"rendered":"<p>Distributeur dans le Jura<\/p>\n","protected":false},"featured_media":16909,"template":"","class_list":["post-16896","pqp-testimonial","type-pqp-testimonial","status-publish","has-post-thumbnail","hentry"],"yoast_head":"<title>T\u00e9moignage S\u00e9bastien Brugnot - Plus que pro - Distribution<\/title>\n<meta name=\"description\" content=\"D\u00e9couvrez le parcours de S\u00e9bastien Brugnot, distributeur dans le Jura depuis 2021. Il partage son parcours et ses conseils pour r\u00e9ussir\" \/>\n<meta name=\"robots\" content=\"index, follow, max-snippet:-1, max-image-preview:large, max-video-preview:-1\" \/>\n<link rel=\"canonical\" href=\"https:\/\/www.plus-que-pro-distribution.fr\/temoignages-distributeurs\/sebastien-brugnot\/\" \/>\n<meta property=\"og:locale\" content=\"fr_FR\" \/>\n<meta property=\"og:type\" content=\"article\" \/>\n<meta property=\"og:title\" content=\"T\u00e9moignage S\u00e9bastien Brugnot - Plus que pro - Distribution\" \/>\n<meta property=\"og:description\" content=\"D\u00e9couvrez le parcours de S\u00e9bastien Brugnot, distributeur dans le Jura depuis 2021. Il partage son parcours et ses conseils pour r\u00e9ussir\" \/>\n<meta property=\"og:url\" content=\"https:\/\/www.plus-que-pro-distribution.fr\/temoignages-distributeurs\/sebastien-brugnot\/\" \/>\n<meta property=\"og:site_name\" content=\"Plus que pro - Distribution\" \/>\n<meta property=\"article:publisher\" content=\"https:\/\/www.facebook.com\/Plusquepro\/\" \/>\n<meta property=\"article:modified_time\" content=\"2025-09-02T12:19:36+00:00\" \/>\n<meta property=\"og:image\" content=\"https:\/\/www.plus-que-pro-distribution.fr\/uploads\/Sebastien.jpg\" \/>\n\t<meta property=\"og:image:width\" content=\"494\" \/>\n\t<meta property=\"og:image:height\" content=\"845\" \/>\n\t<meta property=\"og:image:type\" content=\"image\/jpeg\" \/>\n<meta name=\"twitter:card\" content=\"summary_large_image\" \/>\n<meta name=\"twitter:label1\" content=\"Est. reading time\" \/>\n\t<meta name=\"twitter:data1\" content=\"3 minutes\" \/>\n<script type=\"application\/ld+json\" class=\"yoast-schema-graph\">{\"@context\":\"https:\/\/schema.org\",\"@graph\":[{\"@type\":\"WebPage\",\"@id\":\"https:\/\/www.plus-que-pro-distribution.fr\/temoignages-distributeurs\/sebastien-brugnot\/\",\"url\":\"https:\/\/www.plus-que-pro-distribution.fr\/temoignages-distributeurs\/sebastien-brugnot\/\",\"name\":\"T\u00e9moignage S\u00e9bastien Brugnot - Plus que pro - Distribution\",\"isPartOf\":{\"@id\":\"https:\/\/www.plus-que-pro-distribution.fr\/#website\"},\"primaryImageOfPage\":{\"@id\":\"https:\/\/www.plus-que-pro-distribution.fr\/temoignages-distributeurs\/sebastien-brugnot\/#primaryimage\"},\"image\":{\"@id\":\"https:\/\/www.plus-que-pro-distribution.fr\/temoignages-distributeurs\/sebastien-brugnot\/#primaryimage\"},\"thumbnailUrl\":\"https:\/\/www.plus-que-pro-distribution.fr\/uploads\/Sebastien.jpg\",\"datePublished\":\"2024-12-09T17:08:19+00:00\",\"dateModified\":\"2025-09-02T12:19:36+00:00\",\"description\":\"D\u00e9couvrez le parcours de S\u00e9bastien Brugnot, distributeur dans le Jura depuis 2021. Il partage son parcours et ses conseils pour r\u00e9ussir\",\"breadcrumb\":{\"@id\":\"https:\/\/www.plus-que-pro-distribution.fr\/temoignages-distributeurs\/sebastien-brugnot\/#breadcrumb\"},\"inLanguage\":\"fr-FR\",\"potentialAction\":[{\"@type\":\"ReadAction\",\"target\":[\"https:\/\/www.plus-que-pro-distribution.fr\/temoignages-distributeurs\/sebastien-brugnot\/\"]}]},{\"@type\":\"ImageObject\",\"inLanguage\":\"fr-FR\",\"@id\":\"https:\/\/www.plus-que-pro-distribution.fr\/temoignages-distributeurs\/sebastien-brugnot\/#primaryimage\",\"url\":\"https:\/\/www.plus-que-pro-distribution.fr\/uploads\/Sebastien.jpg\",\"contentUrl\":\"https:\/\/www.plus-que-pro-distribution.fr\/uploads\/Sebastien.jpg\",\"width\":494,\"height\":845,\"caption\":\"Sebastien Brugnot\"},{\"@type\":\"BreadcrumbList\",\"@id\":\"https:\/\/www.plus-que-pro-distribution.fr\/temoignages-distributeurs\/sebastien-brugnot\/#breadcrumb\",\"itemListElement\":[{\"@type\":\"ListItem\",\"position\":1,\"name\":\"Home\",\"item\":\"https:\/\/www.plus-que-pro-distribution.fr\/\"},{\"@type\":\"ListItem\",\"position\":2,\"name\":\"S\u00e9bastien\"}]},{\"@type\":\"WebSite\",\"@id\":\"https:\/\/www.plus-que-pro-distribution.fr\/#website\",\"url\":\"https:\/\/www.plus-que-pro-distribution.fr\/\",\"name\":\"Plus que pro distribution\",\"description\":\"\",\"publisher\":{\"@id\":\"https:\/\/www.plus-que-pro-distribution.fr\/#organization\"},\"potentialAction\":[{\"@type\":\"SearchAction\",\"target\":{\"@type\":\"EntryPoint\",\"urlTemplate\":\"https:\/\/www.plus-que-pro-distribution.fr\/?s={search_term_string}\"},\"query-input\":{\"@type\":\"PropertyValueSpecification\",\"valueRequired\":true,\"valueName\":\"search_term_string\"}}],\"inLanguage\":\"fr-FR\"},{\"@type\":\"Organization\",\"@id\":\"https:\/\/www.plus-que-pro-distribution.fr\/#organization\",\"name\":\"Plus que pro distribution\",\"url\":\"https:\/\/www.plus-que-pro-distribution.fr\/\",\"logo\":{\"@type\":\"ImageObject\",\"inLanguage\":\"fr-FR\",\"@id\":\"https:\/\/www.plus-que-pro-distribution.fr\/#\/schema\/logo\/image\/\",\"url\":\"https:\/\/www.plus-que-pro-distribution.fr\/uploads\/logo-pqp-distribution.svg\",\"contentUrl\":\"https:\/\/www.plus-que-pro-distribution.fr\/uploads\/logo-pqp-distribution.svg\",\"width\":144,\"height\":34,\"caption\":\"Plus que pro distribution\"},\"image\":{\"@id\":\"https:\/\/www.plus-que-pro-distribution.fr\/#\/schema\/logo\/image\/\"},\"sameAs\":[\"https:\/\/www.facebook.com\/Plusquepro\/\"]}]}<\/script>","yoast_head_json":{"title":"T\u00e9moignage S\u00e9bastien Brugnot - Plus que pro - Distribution","description":"D\u00e9couvrez le parcours de S\u00e9bastien Brugnot, distributeur dans le Jura depuis 2021. Il partage son parcours et ses conseils pour r\u00e9ussir","robots":{"index":"index","follow":"follow","max-snippet":"max-snippet:-1","max-image-preview":"max-image-preview:large","max-video-preview":"max-video-preview:-1"},"canonical":"https:\/\/www.plus-que-pro-distribution.fr\/temoignages-distributeurs\/sebastien-brugnot\/","og_locale":"fr_FR","og_type":"article","og_title":"T\u00e9moignage S\u00e9bastien Brugnot - Plus que pro - Distribution","og_description":"D\u00e9couvrez le parcours de S\u00e9bastien Brugnot, distributeur dans le Jura depuis 2021. Il partage son parcours et ses conseils pour r\u00e9ussir","og_url":"https:\/\/www.plus-que-pro-distribution.fr\/temoignages-distributeurs\/sebastien-brugnot\/","og_site_name":"Plus que pro - Distribution","article_publisher":"https:\/\/www.facebook.com\/Plusquepro\/","article_modified_time":"2025-09-02T12:19:36+00:00","og_image":[{"width":494,"height":845,"url":"https:\/\/www.plus-que-pro-distribution.fr\/uploads\/Sebastien.jpg","type":"image\/jpeg"}],"twitter_card":"summary_large_image","twitter_misc":{"Est. reading time":"3 minutes"},"schema":{"@context":"https:\/\/schema.org","@graph":[{"@type":"WebPage","@id":"https:\/\/www.plus-que-pro-distribution.fr\/temoignages-distributeurs\/sebastien-brugnot\/","url":"https:\/\/www.plus-que-pro-distribution.fr\/temoignages-distributeurs\/sebastien-brugnot\/","name":"T\u00e9moignage S\u00e9bastien Brugnot - Plus que pro - Distribution","isPartOf":{"@id":"https:\/\/www.plus-que-pro-distribution.fr\/#website"},"primaryImageOfPage":{"@id":"https:\/\/www.plus-que-pro-distribution.fr\/temoignages-distributeurs\/sebastien-brugnot\/#primaryimage"},"image":{"@id":"https:\/\/www.plus-que-pro-distribution.fr\/temoignages-distributeurs\/sebastien-brugnot\/#primaryimage"},"thumbnailUrl":"https:\/\/www.plus-que-pro-distribution.fr\/uploads\/Sebastien.jpg","datePublished":"2024-12-09T17:08:19+00:00","dateModified":"2025-09-02T12:19:36+00:00","description":"D\u00e9couvrez le parcours de S\u00e9bastien Brugnot, distributeur dans le Jura depuis 2021. Il partage son parcours et ses conseils pour r\u00e9ussir","breadcrumb":{"@id":"https:\/\/www.plus-que-pro-distribution.fr\/temoignages-distributeurs\/sebastien-brugnot\/#breadcrumb"},"inLanguage":"fr-FR","potentialAction":[{"@type":"ReadAction","target":["https:\/\/www.plus-que-pro-distribution.fr\/temoignages-distributeurs\/sebastien-brugnot\/"]}]},{"@type":"ImageObject","inLanguage":"fr-FR","@id":"https:\/\/www.plus-que-pro-distribution.fr\/temoignages-distributeurs\/sebastien-brugnot\/#primaryimage","url":"https:\/\/www.plus-que-pro-distribution.fr\/uploads\/Sebastien.jpg","contentUrl":"https:\/\/www.plus-que-pro-distribution.fr\/uploads\/Sebastien.jpg","width":494,"height":845,"caption":"Sebastien Brugnot"},{"@type":"BreadcrumbList","@id":"https:\/\/www.plus-que-pro-distribution.fr\/temoignages-distributeurs\/sebastien-brugnot\/#breadcrumb","itemListElement":[{"@type":"ListItem","position":1,"name":"Home","item":"https:\/\/www.plus-que-pro-distribution.fr\/"},{"@type":"ListItem","position":2,"name":"S\u00e9bastien"}]},{"@type":"WebSite","@id":"https:\/\/www.plus-que-pro-distribution.fr\/#website","url":"https:\/\/www.plus-que-pro-distribution.fr\/","name":"Plus que pro distribution","description":"","publisher":{"@id":"https:\/\/www.plus-que-pro-distribution.fr\/#organization"},"potentialAction":[{"@type":"SearchAction","target":{"@type":"EntryPoint","urlTemplate":"https:\/\/www.plus-que-pro-distribution.fr\/?s={search_term_string}"},"query-input":{"@type":"PropertyValueSpecification","valueRequired":true,"valueName":"search_term_string"}}],"inLanguage":"fr-FR"},{"@type":"Organization","@id":"https:\/\/www.plus-que-pro-distribution.fr\/#organization","name":"Plus que pro distribution","url":"https:\/\/www.plus-que-pro-distribution.fr\/","logo":{"@type":"ImageObject","inLanguage":"fr-FR","@id":"https:\/\/www.plus-que-pro-distribution.fr\/#\/schema\/logo\/image\/","url":"https:\/\/www.plus-que-pro-distribution.fr\/uploads\/logo-pqp-distribution.svg","contentUrl":"https:\/\/www.plus-que-pro-distribution.fr\/uploads\/logo-pqp-distribution.svg","width":144,"height":34,"caption":"Plus que pro distribution"},"image":{"@id":"https:\/\/www.plus-que-pro-distribution.fr\/#\/schema\/logo\/image\/"},"sameAs":["https:\/\/www.facebook.com\/Plusquepro\/"]}]}},"_links":{"self":[{"href":"https:\/\/www.plus-que-pro-distribution.fr\/api\/wp\/v2\/pqp-testimonial\/16896","targetHints":{"allow":["GET"]}}],"collection":[{"href":"https:\/\/www.plus-que-pro-distribution.fr\/api\/wp\/v2\/pqp-testimonial"}],"about":[{"href":"https:\/\/www.plus-que-pro-distribution.fr\/api\/wp\/v2\/types\/pqp-testimonial"}],"wp:featuredmedia":[{"embeddable":true,"href":"https:\/\/www.plus-que-pro-distribution.fr\/api\/wp\/v2\/media\/16909"}],"wp:attachment":[{"href":"https:\/\/www.plus-que-pro-distribution.fr\/api\/wp\/v2\/media?parent=16896"}],"curies":[{"name":"wp","href":"https:\/\/api.w.org\/{rel}","templated":true}]}}